{"id":3991,"date":"2018-12-21T11:15:38","date_gmt":"2018-12-21T09:15:38","guid":{"rendered":"https:\/\/www.sonicduck.de\/?page_id=3991"},"modified":"2024-06-21T14:46:15","modified_gmt":"2024-06-21T12:46:15","slug":"test-neue-homeseite","status":"publish","type":"page","link":"https:\/\/www.sonicduck.de\/sonicduck_wp\/","title":{"rendered":"Sch\u00f6n, dass Du da bist."},"content":{"rendered":"\n<h1 class=\"wp-block-heading\" id=\"moin-ich-bin-robert-kreativer-markenmacher-feedbackgeber-netzwerker-kaffeeliebhaber-familienvater-egal-welches-wetter-radfahrer-nach-7-5-jahren-in-dusseldorf-zuruck-in-der-schonsten-stadt-norddeutschlands-oldenburg-nachhaltigkeit-fair-fashion-ressourcen-schonen-energie-und-e-mobility-einige-themen-mit-denen-ich-mich-beruflich-und-privat-beschaftige-manchmal-teile-ich-hier-gedanken-und-ideen\"><strong>Moin, ich bin Robert \u2014 Kreativer, Markenmacher, Feedbackgeber, Netzwerker,&nbsp;Kaffeeliebhaber, Familienvater, Egal-Welches-Wetter-Radfahrer.<\/strong><br \/><strong>Nach 7,5 Jahren in D\u00fcsseldorf, zur\u00fcck in der sch\u00f6nsten Stadt Norddeutschlands \u2014 Oldenburg.<br \/><\/strong>Nachhaltigkeit, fair fashion,&nbsp;Ressourcen schonen, Energie und E-Mobility \u2013 einige Themen mit denen ich mich beruflich und privat besch\u00e4ftige. Manchmal teile ich <a href=\"https:\/\/www.linkedin.com\/in\/robert-hoffmann-lohse\/\" target=\"_blank\" rel=\"noreferrer noopener\">hier<\/a> Gedanken und Ideen.<\/h1>\n\n\n\n<div style=\"height:60px\" aria-hidden=\"true\" class=\"wp-block-spacer\"><\/div>\n\n\n\n<hr class=\"wp-block-separator has-css-opacity\"\/>\n\n\n\n<h2 class=\"wp-block-heading\" id=\"aktuelles-event-kommunikation-raum-auf-zeit-seit-anfang-februar-2022-im-oldenburger-stadtgebiet-und-online-seit-ein-paar-monaten-arbeite-ich-mit-einem-internationalen-team-am-branding-eines-healthcare-tech-startups-seit-1-dezember-2021-auf-der-strasse-die-1-kampagne-fur-raum-auf-zeit-oldenburg-branding-erste-touchpoints-einer-neuen-initiative-fur-mehr-photovoltaik-in-oldenburg-staytuned-installation-und-kampagne-wachtsambleiben-in-der-oldenburger-innenstadt-marz-april-2021-alle-infos-bilder-findet-ihr-im-kampagnen-hub-case-studies-behance-markenentwicklung-fur-raz-raum-auf-zeit-behance-kampagne-fur-inklusion-teilhabe-stadt-oldenburg\"><strong>Aktuelles<\/strong> (not always up to date)<br \/>Hier ist es aktuell etwas ruhiger, leider keine Zeit Cases aufzubereiten aktuell. Why? Im Mai habe ich meine neue Reise als Head of Brand &amp; Design bei <a href=\"https:\/\/www.zavamed.com\/de\/\" target=\"_blank\" rel=\"noreferrer noopener\">ZAVA<\/a> gestartet. &#x1f680;  +++ Neue Marke <a href=\"https:\/\/www.pv4ol.de\/\" target=\"_blank\" rel=\"noreferrer noopener\">PV4OL<\/a> zum Leben erweckt, Website ist online (work-in-progress) +++ Mental Health Startup (App + Ecosystem) <a href=\"https:\/\/goood.life\/\" target=\"_blank\" rel=\"noreferrer noopener\">GooodLife<\/a> im Pre-Release (Google Play Store) +++ Der neue <a href=\"https:\/\/www.kulturschnack.de\/\" target=\"_blank\" rel=\"noreferrer noopener\">Kulturschnack<\/a> \u2014 Kulturportal und Podcast f\u00fcr Oldenburg und den Nordwesten \u2014 im M\u00e4rz gestartet mit Logo von sonicduck.<br \/><\/h2>\n\n\n\n<h2 class=\"wp-block-heading\" id=\"aktuelles-event-kommunikation-raum-auf-zeit-seit-anfang-februar-2022-im-oldenburger-stadtgebiet-und-online-seit-ein-paar-monaten-arbeite-ich-mit-einem-internationalen-team-am-branding-eines-healthcare-tech-startups-seit-1-dezember-2021-auf-der-strasse-die-1-kampagne-fur-raum-auf-zeit-oldenburg-branding-erste-touchpoints-einer-neuen-initiative-fur-mehr-photovoltaik-in-oldenburg-staytuned-installation-und-kampagne-wachtsambleiben-in-der-oldenburger-innenstadt-marz-april-2021-alle-infos-bilder-findet-ihr-im-kampagnen-hub-case-studies-behance-markenentwicklung-fur-raz-raum-auf-zeit-behance-kampagne-fur-inklusion-teilhabe-stadt-oldenburg\"><strong>Timeline \u2014 Archiv<br \/><\/strong>Feb.-Mai 2022: Bildkonzept f\u00fcr <a href=\"https:\/\/cocreators.university\/\" target=\"_blank\" rel=\"noreferrer noopener\">cocreators.university<\/a> +++ Smart Image Generierung von 378 Farbvarianten einer Nestschaukel teil-automatisiert f\u00fcr <a href=\"https:\/\/www.usacord.de\/\" target=\"_blank\" rel=\"noreferrer noopener\">Seilfabrik Ullmann<\/a> +++ Illustration Lappan Oldenburg f\u00fcr \u201eCharta zur Betreuung schwerstkranker und sterbender Menschen in Deutschland\u201c +++ Strategiegrafik und Supervision Handlungsrahmen 2022-2025 der <a href=\"https:\/\/www.metropolregion-nordwest.de\/ueber-uns\/strategie\/\" target=\"_blank\" rel=\"noreferrer noopener\">Metropolregion Nordwest<\/a> +++ Event-Kommunikation <a href=\"https:\/\/www.raz-ol.de\/nutzen-tag-der-kreativen-zwischennutzung\/\" target=\"_blank\" rel=\"noreferrer noopener\">Raum auf Zeit<\/a> seit Anfang Februar 2022 im Oldenburger Stadtgebiet und online +++ In K\u00fcrze wird mein Logo f\u00fcr das neue Kulturportal und Podcast f\u00fcr Oldenburg und den Nordwesten das Licht der Welt erblicken \u2014 ihr d\u00fcrft gespannt sein +++ Seit ein paar Monaten arbeite ich mit einem internationalen Team am Aufbau eines Mental Health Startups (App + Ecosystem) +++ <br \/>Seit 1. Dezember 2021 auf der Stra\u00dfe: Die 1. Kampagne f\u00fcr <a href=\"https:\/\/www.raz-ol.de\/\" target=\"_blank\" rel=\"noreferrer noopener\">Raum auf Zeit<\/a> in Oldenburg +++ Branding und erste Touchpoints einer neuen Initiative f\u00fcr mehr Photovoltaik in Oldenburg. #staytuned<br \/>Installation und Kampagne <a href=\"https:\/\/www.instagram.com\/explore\/tags\/wachtsambleiben\/\" target=\"_blank\" rel=\"noreferrer noopener\" title=\"#wachtsambleiben\">#wachtsambleiben<\/a> in der Oldenburger Innenstadt (M\u00e4rz+April 2021), alle Infos + Bilder findet ihr im <a href=\"https:\/\/www.sonicduck.de\/sonicduck_wp\/wachtsambleiben\/\" target=\"_blank\" rel=\"noopener\" title=\"\">Kampagnen-Hub<\/a><\/h2>\n\n\n\n<h2 class=\"wp-block-heading\" id=\"aktuelles-event-kommunikation-raum-auf-zeit-seit-anfang-februar-2022-im-oldenburger-stadtgebiet-und-online-seit-ein-paar-monaten-arbeite-ich-mit-einem-internationalen-team-am-branding-eines-healthcare-tech-startups-seit-1-dezember-2021-auf-der-strasse-die-1-kampagne-fur-raum-auf-zeit-oldenburg-branding-erste-touchpoints-einer-neuen-initiative-fur-mehr-photovoltaik-in-oldenburg-staytuned-installation-und-kampagne-wachtsambleiben-in-der-oldenburger-innenstadt-marz-april-2021-alle-infos-bilder-findet-ihr-im-kampagnen-hub-case-studies-behance-markenentwicklung-fur-raz-raum-auf-zeit-behance-kampagne-fur-inklusion-teilhabe-stadt-oldenburg\"><strong>Case Studies<\/strong><br \/><a href=\"https:\/\/www.behance.net\/gallery\/112365705\/Branding-RAZ-Raum-auf-Zeit\" target=\"_blank\" rel=\"noreferrer noopener\">@behance: Markenentwicklung f\u00fcr RAZ \u2014 Raum auf Zeit<\/a><br \/><a href=\"https:\/\/www.behance.net\/gallery\/88349023\/Redesign-Contacts-App-UIUX-concept\" target=\"_blank\" rel=\"noreferrer noopener\" title=\"@behance: UI\/UX Konzept f\u00fcr Adressbuch\/Kontakte-App\">@behance: UI\/UX Konzept f\u00fcr Adressbuch\/Kontakte-App<\/a><br \/><a href=\"https:\/\/www.behance.net\/gallery\/110655891\/Design-tool-kit-for-social-inclusion-campaign\" target=\"_blank\" rel=\"noreferrer noopener\">@behance: Kampagne f\u00fcr Inklusion + Teilhabe, Stadt Oldenburg<\/a><\/h2>\n\n\n\n<hr class=\"wp-block-separator has-css-opacity\"\/>\n\n\n\n<div style=\"height:100px\" aria-hidden=\"true\" class=\"wp-block-spacer\"><\/div>\n\n\n\n<h3 class=\"wp-block-heading\">Jetzt <a href=\"mailto: info[at]sonicduck.de\">Moin <\/a>sagen. Du m\u00f6chtest mich n\u00e4her Kennenlernen oder mir folgen? \u00d6ffne das Men\u00fc, oben rechts. Ein paar Arbeitsproben und Cases findest Du direkt hier <a href=\"#Ankername\">\u2193<\/a> oder mehr entdecken <a href=\"https:\/\/www.behance.net\/sonicduck\" target=\"_blank\" rel=\"noopener noreferrer\">@behance<\/a>.<\/h3>\n\n\n\n\t\t<!-- MasterSlider -->\n\t\t<div id=\"P_MS6675752e94f65\" class=\"master-slider-parent msl ms-parent-id-1\" style=\"\">\n\n\t\t\t\n\t\t\t<!-- MasterSlider Main -->\n\t\t\t<div id=\"MS6675752e94f65\" class=\"master-slider ms-skin-light-5\" >\n\t\t\t\t \t\t\t\t \n\t\t\t\t<div  class=\"ms-slide\" data-delay=\"3\" data-fill-mode=\"fill\"  >\n\t\t\t\t\t<img data-recalc-dims=\"1\" decoding=\"async\" src=\"https:\/\/i0.wp.com\/www.sonicduck.de\/sonicduck_wp\/wp-content\/plugins\/master-slider\/public\/assets\/css\/blank.gif?w=720&#038;ssl=1\" alt=\"\" title=\"\" data-src=\"https:\/\/www.sonicduck.de\/sonicduck_wp\/wp-content\/uploads\/2022\/12\/GooodLife.jpg\" \/>\n\n\t\t\t\t\t<div class=\"ms-info\">Branding (Designsystem) f\u00fcr <a href=\"https:\/\/goood.life\/\">GooodLife<\/a> \u2014 Digital Mental Health ecosystem starting with an app, a blog and growing partnerships and services<\/div>\n\n\n\t<div class=\"ms-thumb\" ><div class=\"ms-tab-context\"><div class=&quot;ms-tab-context&quot;><\/div><\/div>\n<\/div>\n\t\t\t\t<\/div>\n\t\t\t\t<div  class=\"ms-slide\" data-delay=\"3\" data-fill-mode=\"fill\"  >\n\t\t\t\t\t<img data-recalc-dims=\"1\" decoding=\"async\" src=\"https:\/\/i0.wp.com\/www.sonicduck.de\/sonicduck_wp\/wp-content\/plugins\/master-slider\/public\/assets\/css\/blank.gif?w=720&#038;ssl=1\" alt=\"\" title=\"\" data-src=\"https:\/\/www.sonicduck.de\/sonicduck_wp\/wp-content\/uploads\/2022\/12\/GooodLife-1.jpg\" \/>\n\n\t\t\t\t\t<div class=\"ms-info\">Branding (Designsystem) f\u00fcr <a href=\"https:\/\/goood.life\/\">GooodLife<\/a> \u2014 Digital Mental Health ecosystem starting with an app, a blog and growing partnerships and services<\/div>\n\n\n\t<div class=\"ms-thumb\" ><div class=\"ms-tab-context\"><div class=&quot;ms-tab-context&quot;><\/div><\/div>\n<\/div>\n\t\t\t\t<\/div>\n\t\t\t\t<div  class=\"ms-slide\" data-delay=\"3\" data-fill-mode=\"fill\"  >\n\t\t\t\t\t<img data-recalc-dims=\"1\" decoding=\"async\" src=\"https:\/\/i0.wp.com\/www.sonicduck.de\/sonicduck_wp\/wp-content\/plugins\/master-slider\/public\/assets\/css\/blank.gif?w=720&#038;ssl=1\" alt=\"\" title=\"\" data-src=\"https:\/\/www.sonicduck.de\/sonicduck_wp\/wp-content\/uploads\/2022\/12\/CASE_Kulturschnack.jpg\" \/>\n\n\t\t\t\t\t<div class=\"ms-info\">Brand Design Basics f\u00fcr <a href=\"https:\/\/www.kulturschnack.de\/\">Kulturschnack<\/a> \u2013 Logosystem, Typo, Farbeklima. Alle Umsetzungen erfolgen inhouse durch das Kulturschnackteam<\/div>\n\n\n\t<div class=\"ms-thumb\" ><div class=\"ms-tab-context\"><div class=&quot;ms-tab-context&quot;><\/div><\/div>\n<\/div>\n\t\t\t\t<\/div>\n\t\t\t\t<div  class=\"ms-slide\" data-delay=\"3\" data-fill-mode=\"fill\"  >\n\t\t\t\t\t<img data-recalc-dims=\"1\" decoding=\"async\" src=\"https:\/\/i0.wp.com\/www.sonicduck.de\/sonicduck_wp\/wp-content\/plugins\/master-slider\/public\/assets\/css\/blank.gif?w=720&#038;ssl=1\" alt=\"\" title=\"\" data-src=\"https:\/\/www.sonicduck.de\/sonicduck_wp\/wp-content\/uploads\/2022\/12\/Flyer_Mockup.jpg\" \/>\n\n\t\t\t\t\t<div class=\"ms-info\">Branding (Naming + Logo + Designsystem) f\u00fcr <a href=\"https:\/\/www.pv4ol.de\/\">PV4OL<\/a> \u2014 Initiative f\u00fcr mehr Photovoltaik in Oldenburg, 2021<\/div>\n\n\n\t<div class=\"ms-thumb\" ><div class=\"ms-tab-context\"><div class=&quot;ms-tab-context&quot;><\/div><\/div>\n<\/div>\n\t\t\t\t<\/div>\n\t\t\t\t<div  class=\"ms-slide\" data-delay=\"3\" data-fill-mode=\"fill\"  >\n\t\t\t\t\t<img data-recalc-dims=\"1\" decoding=\"async\" src=\"https:\/\/i0.wp.com\/www.sonicduck.de\/sonicduck_wp\/wp-content\/plugins\/master-slider\/public\/assets\/css\/blank.gif?w=720&#038;ssl=1\" alt=\"Installation + Kampagne. Robert Hoffmann-Lohse, #wachtsambleiben\" title=\"\" data-src=\"https:\/\/www.sonicduck.de\/sonicduck_wp\/wp-content\/uploads\/2022\/09\/PV4OL_Touchpoints_1400x851px_2X-scaled.jpg\" \/>\n\n\t\t\t\t\t<div class=\"ms-info\">Branding (Naming + Logo + Designsystem) f\u00fcr <a href=\"https:\/\/www.pv4ol.de\/\">PV4OL<\/a> \u2014 Initiative f\u00fcr mehr Photovoltaik in Oldenburg, 2021<\/div>\n\n\n\t<div class=\"ms-thumb\" ><div class=\"ms-tab-context\"><div class=&quot;ms-tab-context&quot;><\/div><\/div>\n<\/div>\n\t\t\t\t<\/div>\n\t\t\t\t<div  class=\"ms-slide\" data-delay=\"3\" data-fill-mode=\"fill\"  >\n\t\t\t\t\t<img data-recalc-dims=\"1\" decoding=\"async\" src=\"https:\/\/i0.wp.com\/www.sonicduck.de\/sonicduck_wp\/wp-content\/plugins\/master-slider\/public\/assets\/css\/blank.gif?w=720&#038;ssl=1\" alt=\"Installation + Kampagne. Robert Hoffmann-Lohse, #wachtsambleiben\" title=\"\" data-src=\"https:\/\/www.sonicduck.de\/sonicduck_wp\/wp-content\/uploads\/2021\/03\/IMG_6269-Edit_web.jpg\" \/>\n\n\t\t\t\t\t<div class=\"ms-info\">#wachtsambleiben\u00a0 Achtsam bleiben \u2014 Installation und Kampagne aus und f\u00fcr Oldenburg\u00a0<a href=\"https:\/\/www.sonicduck.de\/wachtsambleiben\/\" target=\"_blank\" rel=\"noopener\">&gt; direkt zum Kampagnen-Hub<\/a><\/div>\n\n\n\t<div class=\"ms-thumb\" ><div class=\"ms-tab-context\"><div class=&quot;ms-tab-context&quot;><\/div><\/div>\n<\/div>\n\t\t\t\t<\/div>\n\t\t\t\t<div  class=\"ms-slide\" data-delay=\"3\" data-fill-mode=\"fill\"  >\n\t\t\t\t\t<img data-recalc-dims=\"1\" decoding=\"async\" src=\"https:\/\/i0.wp.com\/www.sonicduck.de\/sonicduck_wp\/wp-content\/plugins\/master-slider\/public\/assets\/css\/blank.gif?w=720&#038;ssl=1\" alt=\"Installation Flatterband auf dem Schlossplatz. Robert Hoffmann-Lohse, #wachtsambleiben\" title=\"\" data-src=\"https:\/\/www.sonicduck.de\/sonicduck_wp\/wp-content\/uploads\/2021\/03\/IMG_9669_web.jpg\" \/>\n\n\t\t\t\t\t<div class=\"ms-info\">#wachtsambleiben\u00a0 Achtsam bleiben \u2014 Installation und Kampagne aus und f\u00fcr Oldenburg\u00a0<a href=\"https:\/\/www.sonicduck.de\/wachtsambleiben\/\" target=\"_blank\" rel=\"noopener\">&gt; direkt zum Kampagnen-Hub<\/a><\/div>\n\n\n\t<div class=\"ms-thumb\" ><div class=\"ms-tab-context\"><div class=&quot;ms-tab-context&quot;><\/div><\/div>\n<\/div>\n\t\t\t\t<\/div>\n\t\t\t\t<div  class=\"ms-slide\" data-delay=\"3\" data-fill-mode=\"fill\"  >\n\t\t\t\t\t<img data-recalc-dims=\"1\" decoding=\"async\" src=\"https:\/\/i0.wp.com\/www.sonicduck.de\/sonicduck_wp\/wp-content\/plugins\/master-slider\/public\/assets\/css\/blank.gif?w=720&#038;ssl=1\" alt=\"Installation Flatterband am Schloss. Robert Hoffmann-Lohse, #wachtsambleiben\" title=\"\" data-src=\"https:\/\/www.sonicduck.de\/sonicduck_wp\/wp-content\/uploads\/2021\/03\/IMG_9595_web.jpg\" \/>\n\n\t\t\t\t\t<div class=\"ms-info\">#wachtsambleiben\u00a0 Achtsam bleiben \u2014 Installation und Kampagne aus und f\u00fcr Oldenburg\u00a0<a href=\"https:\/\/www.sonicduck.de\/wachtsambleiben\/\" target=\"_blank\" rel=\"noopener\">&gt; direkt zum Kampagnen-Hub<\/a><\/div>\n\n\n\t<div class=\"ms-thumb\" ><div class=\"ms-tab-context\"><div class=&quot;ms-tab-context&quot;><\/div><\/div>\n<\/div>\n\t\t\t\t<\/div>\n\t\t\t\t<div  class=\"ms-slide\" data-delay=\"3\" data-fill-mode=\"fill\"  >\n\t\t\t\t\t<img data-recalc-dims=\"1\" decoding=\"async\" src=\"https:\/\/i0.wp.com\/www.sonicduck.de\/sonicduck_wp\/wp-content\/plugins\/master-slider\/public\/assets\/css\/blank.gif?w=720&#038;ssl=1\" alt=\"Branding + Designsystem Raum auf Zeit Oldenburg, RAZ 2020\" title=\"\" data-src=\"https:\/\/www.sonicduck.de\/sonicduck_wp\/wp-content\/uploads\/2021\/05\/Case_Raum-auf-Zeit_Branding_Logo_Designkonzept_sonicduck.jpg\" \/>\n\n\t\t\t\t\t<div class=\"ms-info\">Branding f\u00fcr RAZ \u2014 Raum auf Zeit, Oldenburg, 2020 <a href=\"https:\/\/www.behance.net\/gallery\/112365705\/Branding-RAZ-Raum-auf-Zeit\" target=\"_blank\" rel=\"noopener\">&gt; Case bei behance ansehen<\/a><\/div>\n\n\n\t<div class=\"ms-thumb\" ><div class=\"ms-tab-context\"><div class=&quot;ms-tab-context&quot;><\/div><\/div>\n<\/div>\n\t\t\t\t<\/div>\n\t\t\t\t<div  class=\"ms-slide\" data-delay=\"3\" data-fill-mode=\"fill\"  >\n\t\t\t\t\t<img data-recalc-dims=\"1\" decoding=\"async\" src=\"https:\/\/i0.wp.com\/www.sonicduck.de\/sonicduck_wp\/wp-content\/plugins\/master-slider\/public\/assets\/css\/blank.gif?w=720&#038;ssl=1\" alt=\"Branding + Designsystem Raum auf Zeit Oldenburg, RAZ 2020\" title=\"\" data-src=\"https:\/\/www.sonicduck.de\/sonicduck_wp\/wp-content\/uploads\/2021\/05\/Case_Raum-auf-Zeit_Branding_Logo_Designkonzept_sonicduck2.jpg\" \/>\n\n\t\t\t\t\t<div class=\"ms-info\">Branding f\u00fcr RAZ \u2014 Raum auf Zeit, Oldenburg, 2020 <a href=\"https:\/\/www.behance.net\/gallery\/112365705\/Branding-RAZ-Raum-auf-Zeit\" target=\"_blank\" rel=\"noopener\">&gt; Case bei behance ansehen<\/a><\/div>\n\n\n\t<div class=\"ms-thumb\" ><div class=\"ms-tab-context\"><div class=&quot;ms-tab-context&quot;><\/div><\/div>\n<\/div>\n\t\t\t\t<\/div>\n\t\t\t\t<div  class=\"ms-slide\" data-delay=\"3\" data-fill-mode=\"fill\"  >\n\t\t\t\t\t<img data-recalc-dims=\"1\" decoding=\"async\" src=\"https:\/\/i0.wp.com\/www.sonicduck.de\/sonicduck_wp\/wp-content\/plugins\/master-slider\/public\/assets\/css\/blank.gif?w=720&#038;ssl=1\" alt=\"Branding + Logo Designsystem Raum auf Zeit Oldenburg, RAZ 2020\" title=\"\" data-src=\"https:\/\/www.sonicduck.de\/sonicduck_wp\/wp-content\/uploads\/2021\/05\/Case_Raum-auf-Zeit_Branding_Logo_Designkonzept_sonicduck_Logoani.gif\" \/>\n\n\t\t\t\t\t<div class=\"ms-info\">Branding f\u00fcr RAZ \u2014 Raum auf Zeit, Oldenburg, 2020 <a href=\"https:\/\/www.behance.net\/gallery\/112365705\/Branding-RAZ-Raum-auf-Zeit\" target=\"_blank\" rel=\"noopener\">&gt; Case bei behance ansehen<\/a><\/div>\n\n\n\t<div class=\"ms-thumb\" ><div class=\"ms-tab-context\"><div class=&quot;ms-tab-context&quot;><\/div><\/div>\n<\/div>\n\t\t\t\t<\/div>\n\t\t\t\t<div  class=\"ms-slide\" data-delay=\"3\" data-fill-mode=\"fill\"  >\n\t\t\t\t\t<img data-recalc-dims=\"1\" decoding=\"async\" src=\"https:\/\/i0.wp.com\/www.sonicduck.de\/sonicduck_wp\/wp-content\/plugins\/master-slider\/public\/assets\/css\/blank.gif?w=720&#038;ssl=1\" alt=\"Installation + Kampagne. Robert Hoffmann-Lohse, #wachtsambleiben\" title=\"\" data-src=\"https:\/\/www.sonicduck.de\/sonicduck_wp\/wp-content\/uploads\/2021\/03\/IMG_6276_web.jpg\" \/>\n\n\t\t\t\t\t<div class=\"ms-info\">#wachtsambleiben\u00a0 Achtsam bleiben \u2014 Installation und Kampagne aus und f\u00fcr Oldenburg\u00a0<a href=\"https:\/\/www.sonicduck.de\/wachtsambleiben\/\" target=\"_blank\" rel=\"noopener\">&gt; direkt zum Kampagnen-Hub<\/a><\/div>\n\n\n\t<div class=\"ms-thumb\" ><div class=\"ms-tab-context\"><div class=&quot;ms-tab-context&quot;><\/div><\/div>\n<\/div>\n\t\t\t\t<\/div>\n\t\t\t\t<div  class=\"ms-slide\" data-delay=\"3\" data-fill-mode=\"fill\"  >\n\t\t\t\t\t<img data-recalc-dims=\"1\" decoding=\"async\" src=\"https:\/\/i0.wp.com\/www.sonicduck.de\/sonicduck_wp\/wp-content\/plugins\/master-slider\/public\/assets\/css\/blank.gif?w=720&#038;ssl=1\" alt=\"Installation + Kampagne. Robert Hoffmann-Lohse, #wachtsambleiben\" title=\"\" data-src=\"https:\/\/www.sonicduck.de\/sonicduck_wp\/wp-content\/uploads\/2021\/03\/IMG_6111_web.jpg\" \/>\n\n\t\t\t\t\t<div class=\"ms-info\">#wachtsambleiben\u00a0 Achtsam bleiben \u2014 Installation und Kampagne aus und f\u00fcr Oldenburg\u00a0<a href=\"https:\/\/www.sonicduck.de\/wachtsambleiben\/\" target=\"_blank\" rel=\"noopener\">&gt; direkt zum Kampagnen-Hub<\/a><\/div>\n\n\n\t<div class=\"ms-thumb\" ><div class=\"ms-tab-context\"><div class=&quot;ms-tab-context&quot;><\/div><\/div>\n<\/div>\n\t\t\t\t<\/div>\n\t\t\t\t<div  class=\"ms-slide\" data-delay=\"3\" data-fill-mode=\"fill\"  >\n\t\t\t\t\t<img data-recalc-dims=\"1\" decoding=\"async\" src=\"https:\/\/i0.wp.com\/www.sonicduck.de\/sonicduck_wp\/wp-content\/plugins\/master-slider\/public\/assets\/css\/blank.gif?w=720&#038;ssl=1\" alt=\"Installation + Kampagne. Robert Hoffmann-Lohse, #wachtsambleiben\" title=\"\" data-src=\"https:\/\/www.sonicduck.de\/sonicduck_wp\/wp-content\/uploads\/2021\/03\/IMG_6158_web.jpg\" \/>\n\n\t\t\t\t\t<div class=\"ms-info\">#wachtsambleiben\u00a0 Achtsam bleiben \u2014 Installation und Kampagne aus und f\u00fcr Oldenburg\u00a0<a href=\"https:\/\/www.sonicduck.de\/wachtsambleiben\/\" target=\"_blank\" rel=\"noopener\">&gt; direkt zum Kampagnen-Hub<\/a><\/div>\n\n\n\t<div class=\"ms-thumb\" ><div class=\"ms-tab-context\"><div class=&quot;ms-tab-context&quot;><\/div><\/div>\n<\/div>\n\t\t\t\t<\/div>\n\t\t\t\t<div  class=\"ms-slide\" data-delay=\"3\" data-fill-mode=\"fill\"  >\n\t\t\t\t\t<img data-recalc-dims=\"1\" decoding=\"async\" src=\"https:\/\/i0.wp.com\/www.sonicduck.de\/sonicduck_wp\/wp-content\/plugins\/master-slider\/public\/assets\/css\/blank.gif?w=720&#038;ssl=1\" alt=\"Kampagne Stadt Oldenburg Inklusion + Teilhabe in Oldenburg zuhause. \u00dcbersicht Elemente\" title=\"\" data-src=\"https:\/\/www.sonicduck.de\/sonicduck_wp\/wp-content\/uploads\/2021\/01\/210111_CASE_OWI_Slides_2560x1440px_Uebersicht.gif\" \/>\n\n\t\t\t\t\t<div class=\"ms-info\">Design + Tool Kit f\u00fcr Inklusions-Kampagne \u2014 Inklusion + Teilhabe, Stadt Oldenburg, 2020 <a href=\"https:\/\/www.behance.net\/gallery\/110655891\/Design-tool-kit-for-social-inclusion-campaign\" target=\"_blank\" rel=\"noopener\">&gt; Case bei behance ansehen<\/a><\/div>\n\n\n\t<div class=\"ms-thumb\" ><div class=\"ms-tab-context\"><div class=&quot;ms-tab-context&quot;><\/div><\/div>\n<\/div>\n\t\t\t\t<\/div>\n\t\t\t\t<div  class=\"ms-slide\" data-delay=\"3\" data-fill-mode=\"fill\"  >\n\t\t\t\t\t<img data-recalc-dims=\"1\" decoding=\"async\" src=\"https:\/\/i0.wp.com\/www.sonicduck.de\/sonicduck_wp\/wp-content\/plugins\/master-slider\/public\/assets\/css\/blank.gif?w=720&#038;ssl=1\" alt=\"UX concept Apple Contacts App Redesign \u2014 overview branded skins\" title=\"\" data-src=\"https:\/\/www.sonicduck.de\/sonicduck_wp\/wp-content\/uploads\/2019\/11\/UI_Design_Contacts_sonicduck.de_1400px_07-Kopie-scaled.jpg\" \/>\n\n\t\t\t\t\t<div class=\"ms-info\"><div style=\"padding-left: 40px;\">UI\/UX Concept \u2014 Redesign der Apple Kontakte App, 2019 <a href=\"https:\/\/www.behance.net\/gallery\/88349023\/Redesign-Contacts-App-UIUX-concept\" target=\"_blank\" rel=\"noopener\">&gt; Case bei behance ansehen<\/a><\/div><\/div>\n\n\n\t<div class=\"ms-thumb\" ><div class=\"ms-tab-context\"><div class=&quot;ms-tab-context&quot;><\/div><\/div>\n<\/div>\n\t\t\t\t<\/div>\n\t\t\t\t<div  class=\"ms-slide\" data-delay=\"2\" data-fill-mode=\"fill\"  >\n\t\t\t\t\t<img data-recalc-dims=\"1\" decoding=\"async\" src=\"https:\/\/i0.wp.com\/www.sonicduck.de\/sonicduck_wp\/wp-content\/plugins\/master-slider\/public\/assets\/css\/blank.gif?w=720&#038;ssl=1\" alt=\"\" title=\"\" data-src=\"https:\/\/www.sonicduck.de\/sonicduck_wp\/wp-content\/uploads\/2018\/04\/victory_home.jpg\" \/>\n\n\t\t\t\t\t<div class=\"ms-info\"><div style=\"padding-left: 40px;\">Keyvisual <a href=\"https:\/\/www.calvarychapelduesseldorf.de\/\" target=\"_blank\" rel=\"noopener\">Calvary Chapel D\u00fcsseldorf<\/a>\u2014 Ostern, 2018<\/div><\/div>\n\n\n\t<div class=\"ms-thumb\" ><div class=\"ms-tab-context\"><div class=&quot;ms-tab-context&quot;><\/div><\/div>\n<\/div>\n\t\t\t\t<\/div>\n\t\t\t\t<div  class=\"ms-slide\" data-delay=\"3\" data-fill-mode=\"fill\"  >\n\t\t\t\t\t<img data-recalc-dims=\"1\" decoding=\"async\" src=\"https:\/\/i0.wp.com\/www.sonicduck.de\/sonicduck_wp\/wp-content\/plugins\/master-slider\/public\/assets\/css\/blank.gif?w=720&#038;ssl=1\" alt=\"Kampagne Stadt Oldenburg Inklusion + Teilhabe in Oldenburg zuhause. Gro\u00dffl\u00e4chenplakate Plakate Poster 18\/1\" title=\"\" data-src=\"https:\/\/www.sonicduck.de\/sonicduck_wp\/wp-content\/uploads\/2021\/01\/210111_CASE_OWI_Slides_2560x1440px6.jpg\" \/>\n\n\t\t\t\t\t<div class=\"ms-info\">Design + Tool Kit f\u00fcr Inklusions-Kampagne \u2014 Inklusion + Teilhabe, Stadt Oldenburg, 2020 <a href=\"https:\/\/www.behance.net\/gallery\/110655891\/Design-tool-kit-for-social-inclusion-campaign\" target=\"_blank\" rel=\"noopener\">&gt; Case bei behance ansehen<\/a><\/div>\n\n\n\t<div class=\"ms-thumb\" ><div class=\"ms-tab-context\"><div class=&quot;ms-tab-context&quot;><\/div><\/div>\n<\/div>\n\t\t\t\t<\/div>\n\t\t\t\t<div  class=\"ms-slide\" data-delay=\"3\" data-fill-mode=\"fill\"  >\n\t\t\t\t\t<img data-recalc-dims=\"1\" decoding=\"async\" src=\"https:\/\/i0.wp.com\/www.sonicduck.de\/sonicduck_wp\/wp-content\/plugins\/master-slider\/public\/assets\/css\/blank.gif?w=720&#038;ssl=1\" alt=\"\" title=\"\" data-src=\"https:\/\/www.sonicduck.de\/sonicduck_wp\/wp-content\/uploads\/2013\/10\/case_N24_01.jpg\" \/>\n\n\t\t\t\t\t<div class=\"ms-info\"><div style=\"padding-left: 40px;\">Corporate Design \u2014 Nauticus, 2015<\/div><\/div>\n\n\n\t<div class=\"ms-thumb\" ><div class=\"ms-tab-context\"><div class=&quot;ms-tab-context&quot;><\/div><\/div>\n<\/div>\n\t\t\t\t<\/div>\n\t\t\t\t<div  class=\"ms-slide\" data-delay=\"3\" data-fill-mode=\"fill\"  >\n\t\t\t\t\t<img data-recalc-dims=\"1\" decoding=\"async\" src=\"https:\/\/i0.wp.com\/www.sonicduck.de\/sonicduck_wp\/wp-content\/plugins\/master-slider\/public\/assets\/css\/blank.gif?w=720&#038;ssl=1\" alt=\"\" title=\"\" data-src=\"https:\/\/www.sonicduck.de\/sonicduck_wp\/wp-content\/uploads\/2015\/05\/DSC04217_Entw.jpg\" \/>\n\n\t\t\t\t\t<div class=\"ms-info\"><div style=\"padding-left: 40px;\">Foto, Gasometer Oberhausen, 2014<\/div><\/div>\n\n\n\t<div class=\"ms-thumb\" ><div class=\"ms-tab-context\"><div class=&quot;ms-tab-context&quot;><\/div><\/div>\n<\/div>\n\t\t\t\t<\/div>\n\t\t\t\t<div  class=\"ms-slide\" data-delay=\"3\" data-fill-mode=\"fill\"  >\n\t\t\t\t\t<img data-recalc-dims=\"1\" decoding=\"async\" src=\"https:\/\/i0.wp.com\/www.sonicduck.de\/sonicduck_wp\/wp-content\/plugins\/master-slider\/public\/assets\/css\/blank.gif?w=720&#038;ssl=1\" alt=\"Kampagne Stadt Oldenburg Inklusion + Teilhabe in Oldenburg zuhause. Baukasten\" title=\"\" data-src=\"https:\/\/www.sonicduck.de\/sonicduck_wp\/wp-content\/uploads\/2021\/01\/210111_CASE_OWI_Slides_2560x1440px_Baukasten.gif\" \/>\n\n\t\t\t\t\t<div class=\"ms-info\">Design + Tool Kit f\u00fcr Inklusions-Kampagne \u2014 Inklusion + Teilhabe, Stadt Oldenburg, 2020 <a href=\"https:\/\/www.behance.net\/gallery\/110655891\/Design-tool-kit-for-social-inclusion-campaign\" target=\"_blank\" rel=\"noopener\">&gt; Case bei behance ansehen<\/a><\/div>\n\n\n\t<div class=\"ms-thumb\" ><div class=\"ms-tab-context\"><div class=&quot;ms-tab-context&quot;><\/div><\/div>\n<\/div>\n\t\t\t\t<\/div>\n\t\t\t\t<div  class=\"ms-slide\" data-delay=\"3\" data-fill-mode=\"fill\"  >\n\t\t\t\t\t<img data-recalc-dims=\"1\" decoding=\"async\" src=\"https:\/\/i0.wp.com\/www.sonicduck.de\/sonicduck_wp\/wp-content\/plugins\/master-slider\/public\/assets\/css\/blank.gif?w=720&#038;ssl=1\" alt=\"UX concept Apple Contacts App Redesign \u2014 2 skins\" title=\"\" data-src=\"https:\/\/www.sonicduck.de\/sonicduck_wp\/wp-content\/uploads\/2019\/11\/UI_Design_Contacts_sonicduck.de_1400px_01.gif\" \/>\n\n\t\t\t\t\t<div class=\"ms-info\"><div style=\"padding-left: 40px;\">UI\/UX Concept \u2014 Redesign der Apple Kontakte App, 2019 <a href=\"https:\/\/www.behance.net\/gallery\/88349023\/Redesign-Contacts-App-UIUX-concept\" target=\"_blank\" rel=\"noopener\">&gt; Case bei behance ansehen<\/a><\/div><\/div>\n\n\n\t<div class=\"ms-thumb\" ><div class=\"ms-tab-context\"><div class=&quot;ms-tab-context&quot;><\/div><\/div>\n<\/div>\n\t\t\t\t<\/div>\n\t\t\t\t<div  class=\"ms-slide\" data-delay=\"3\" data-fill-mode=\"fill\"  >\n\t\t\t\t\t<img data-recalc-dims=\"1\" decoding=\"async\" src=\"https:\/\/i0.wp.com\/www.sonicduck.de\/sonicduck_wp\/wp-content\/plugins\/master-slider\/public\/assets\/css\/blank.gif?w=720&#038;ssl=1\" alt=\"Branding Designsystem RAZ\" title=\"\" data-src=\"https:\/\/www.sonicduck.de\/sonicduck_wp\/wp-content\/uploads\/2021\/02\/210215_Achtsam-bleiben_sonicduck1.jpg\" \/>\n\n\t\t\t\t\t<div class=\"ms-info\"><div style=\"padding-left: 40px;\">#wachtsambleiben\u00a0 Achtsam bleiben \u2014 Installation und Kampagne aus und f\u00fcr Oldenburg\u00a0<a href=\"https:\/\/www.sonicduck.de\/wachtsambleiben\/\" target=\"_blank\" rel=\"noopener\">&gt; direkt zum Kampagnen-Hub<\/a><\/div><\/div>\n\n\n\t<div class=\"ms-thumb\" ><div class=\"ms-tab-context\"><div class=&quot;ms-tab-context&quot;><\/div><\/div>\n<\/div>\n\t\t\t\t<\/div>\n\t\t\t\t<div  class=\"ms-slide\" data-delay=\"3\" data-fill-mode=\"fill\"  >\n\t\t\t\t\t<img data-recalc-dims=\"1\" decoding=\"async\" src=\"https:\/\/i0.wp.com\/www.sonicduck.de\/sonicduck_wp\/wp-content\/plugins\/master-slider\/public\/assets\/css\/blank.gif?w=720&#038;ssl=1\" alt=\"Kampagne Stadt Oldenburg Inklusion + Teilhabe in Oldenburg zuhause. Flyer f\u00fcr Initiativen\" title=\"\" data-src=\"https:\/\/www.sonicduck.de\/sonicduck_wp\/wp-content\/uploads\/2021\/01\/210111_CASE_OWI_Slides_2560x1440px12.jpg\" \/>\n\n\t\t\t\t\t<div class=\"ms-info\">Design + Tool Kit f\u00fcr Inklusions-Kampagne \u2014 Inklusion + Teilhabe, Stadt Oldenburg, 2020 <a href=\"https:\/\/www.behance.net\/gallery\/110655891\/Design-tool-kit-for-social-inclusion-campaign\" target=\"_blank\" rel=\"noopener\">&gt; Case bei behance ansehen<\/a><\/div>\n\n\n\t<div class=\"ms-thumb\" ><div class=\"ms-tab-context\"><div class=&quot;ms-tab-context&quot;><\/div><\/div>\n<\/div>\n\t\t\t\t<\/div>\n\t\t\t\t<div  class=\"ms-slide\" data-delay=\"3\" data-fill-mode=\"fill\"  >\n\t\t\t\t\t<img data-recalc-dims=\"1\" decoding=\"async\" src=\"https:\/\/i0.wp.com\/www.sonicduck.de\/sonicduck_wp\/wp-content\/plugins\/master-slider\/public\/assets\/css\/blank.gif?w=720&#038;ssl=1\" alt=\"\" title=\"\" data-src=\"https:\/\/www.sonicduck.de\/sonicduck_wp\/wp-content\/uploads\/2016\/12\/CCD_xmas_2016_low.jpg\" \/>\n\n\t\t\t\t\t<div class=\"ms-info\"><div style=\"padding-left: 40px;\">Keyvisual <a href=\"https:\/\/www.calvarychapelduesseldorf.de\/\" target=\"_blank\" rel=\"noopener\">Calvary Chapel D\u00fcsseldorf<\/a>\u2014 Weihnachten, 2016<\/div><\/div>\n\n\n\t<div class=\"ms-thumb\" ><div class=\"ms-tab-context\"><div class=&quot;ms-tab-context&quot;><\/div><\/div>\n<\/div>\n\t\t\t\t<\/div>\n\t\t\t\t<div  class=\"ms-slide\" data-delay=\"3\" data-fill-mode=\"fill\"  >\n\t\t\t\t\t<img data-recalc-dims=\"1\" decoding=\"async\" src=\"https:\/\/i0.wp.com\/www.sonicduck.de\/sonicduck_wp\/wp-content\/plugins\/master-slider\/public\/assets\/css\/blank.gif?w=720&#038;ssl=1\" alt=\"\" title=\"\" data-src=\"https:\/\/www.sonicduck.de\/sonicduck_wp\/wp-content\/uploads\/2014\/01\/IMG_3265Entw.jpg\" \/>\n\n\t\t\t\t\t<div class=\"ms-info\"><div style=\"padding-left: 40px;\">Buchgestaltung \u2014 Architekturb\u00fcro,\u00a0 2013<\/div><\/div>\n\n\n\t<div class=\"ms-thumb\" ><div class=\"ms-tab-context\"><div class=&quot;ms-tab-context&quot;><\/div><\/div>\n<\/div>\n\t\t\t\t<\/div>\n\t\t\t\t<div  class=\"ms-slide\" data-delay=\"3\" data-fill-mode=\"fill\"  >\n\t\t\t\t\t<img data-recalc-dims=\"1\" decoding=\"async\" src=\"https:\/\/i0.wp.com\/www.sonicduck.de\/sonicduck_wp\/wp-content\/plugins\/master-slider\/public\/assets\/css\/blank.gif?w=720&#038;ssl=1\" alt=\"Branding Designsystem RAZ\" title=\"\" data-src=\"https:\/\/www.sonicduck.de\/sonicduck_wp\/wp-content\/uploads\/2020\/06\/Raum-auf-Zeit_RAZ_Oldenburg_Opener_Web_2560.jpg\" \/>\n\n\t\t\t\t\t<div class=\"ms-info\"><div style=\"padding-left: 40px;\">Branding f\u00fcr RAZ \u2014 Raum auf Zeit, Oldenburg, 2020 <a href=\"https:\/\/www.behance.net\/gallery\/112365705\/Branding-RAZ-Raum-auf-Zeit\" target=\"_blank\" rel=\"noopener\">&gt; Case bei behance ansehen<\/a><\/div><\/div>\n\n\n\t<div class=\"ms-thumb\" ><div class=\"ms-tab-context\"><div class=&quot;ms-tab-context&quot;><\/div><\/div>\n<\/div>\n\t\t\t\t<\/div>\n\t\t\t\t<div  class=\"ms-slide\" data-delay=\"3\" data-fill-mode=\"fill\"  >\n\t\t\t\t\t<img data-recalc-dims=\"1\" decoding=\"async\" src=\"https:\/\/i0.wp.com\/www.sonicduck.de\/sonicduck_wp\/wp-content\/plugins\/master-slider\/public\/assets\/css\/blank.gif?w=720&#038;ssl=1\" alt=\"Kampagne Stadt Oldenburg Inklusion + Teilhabe in Oldenburg zuhause. Gro\u00dffl\u00e4chenplakate Plakate Poster 18\/1 DIN A1 Plakate\" title=\"\" data-src=\"https:\/\/www.sonicduck.de\/sonicduck_wp\/wp-content\/uploads\/2021\/01\/210111_CASE_OWI_Slides_2560x1440px7.jpg\" \/>\n\n\t\t\t\t\t<div class=\"ms-info\">Design + Tool Kit f\u00fcr Inklusions-Kampagne \u2014 Inklusion + Teilhabe, Stadt Oldenburg, 2020 <a href=\"https:\/\/www.behance.net\/gallery\/110655891\/Design-tool-kit-for-social-inclusion-campaign\" target=\"_blank\" rel=\"noopener\">&gt; Case bei behance ansehen<\/a><\/div>\n\n\n\t<div class=\"ms-thumb\" ><div class=\"ms-tab-context\"><div class=&quot;ms-tab-context&quot;><\/div><\/div>\n<\/div>\n\t\t\t\t<\/div>\n\t\t\t\t<div  class=\"ms-slide\" data-delay=\"3\" data-fill-mode=\"fill\"  >\n\t\t\t\t\t<img data-recalc-dims=\"1\" decoding=\"async\" src=\"https:\/\/i0.wp.com\/www.sonicduck.de\/sonicduck_wp\/wp-content\/plugins\/master-slider\/public\/assets\/css\/blank.gif?w=720&#038;ssl=1\" alt=\"\" title=\"\" data-src=\"https:\/\/www.sonicduck.de\/sonicduck_wp\/wp-content\/uploads\/2014\/04\/IMG_4483Entw.jpg\" \/>\n\n\t\t\t\t\t<div class=\"ms-info\"><div style=\"padding-left: 40px;\">identity, flyer, 2013<\/div><\/div>\n\n\n\t<div class=\"ms-thumb\" ><div class=\"ms-tab-context\"><div class=&quot;ms-tab-context&quot;><\/div><\/div>\n<\/div>\n\t\t\t\t<\/div>\n\t\t\t\t<div  class=\"ms-slide\" data-delay=\"3\" data-fill-mode=\"fill\"  >\n\t\t\t\t\t<img data-recalc-dims=\"1\" decoding=\"async\" src=\"https:\/\/i0.wp.com\/www.sonicduck.de\/sonicduck_wp\/wp-content\/plugins\/master-slider\/public\/assets\/css\/blank.gif?w=720&#038;ssl=1\" alt=\"Branding Designsystem RAZ\" title=\"\" data-src=\"https:\/\/www.sonicduck.de\/sonicduck_wp\/wp-content\/uploads\/2021\/02\/210215_Achtsam-bleiben_sonicduck2.jpg\" \/>\n\n\t\t\t\t\t<div class=\"ms-info\"><div style=\"padding-left: 40px;\">#wachtsambleiben\u00a0 Achtsam bleiben \u2014 Installation und Kampagne aus und f\u00fcr Oldenburg\u00a0<a href=\"https:\/\/www.sonicduck.de\/wachtsambleiben\/\" target=\"_blank\" rel=\"noopener\">&gt; direkt zum Kampagnen-Hub<\/a><\/div><\/div>\n\n\n\t<div class=\"ms-thumb\" ><div class=\"ms-tab-context\"><div class=&quot;ms-tab-context&quot;><\/div><\/div>\n<\/div>\n\t\t\t\t<\/div>\n\t\t\t\t<div  class=\"ms-slide\" data-delay=\"3\" data-fill-mode=\"fill\"  >\n\t\t\t\t\t<img data-recalc-dims=\"1\" decoding=\"async\" src=\"https:\/\/i0.wp.com\/www.sonicduck.de\/sonicduck_wp\/wp-content\/plugins\/master-slider\/public\/assets\/css\/blank.gif?w=720&#038;ssl=1\" alt=\"UX concept Apple Contacts App Redesign \u2014 Details\" title=\"\" data-src=\"https:\/\/www.sonicduck.de\/sonicduck_wp\/wp-content\/uploads\/2019\/11\/UI_Design_Contacts_sonicduck.de_1400px_06-scaled.jpg\" \/>\n\n\t\t\t\t\t<div class=\"ms-info\"><div style=\"padding-left: 40px;\">UI\/UX Concept \u2014 Redesign der Apple Kontakte App, 2019 <a href=\"https:\/\/www.behance.net\/gallery\/88349023\/Redesign-Contacts-App-UIUX-concept\" target=\"_blank\" rel=\"noopener\">&gt; Case bei behance ansehen<\/a><\/div><\/div>\n\n\n\t<div class=\"ms-thumb\" ><div class=\"ms-tab-context\"><div class=&quot;ms-tab-context&quot;><\/div><\/div>\n<\/div>\n\t\t\t\t<\/div>\n\t\t\t\t<div  class=\"ms-slide\" data-delay=\"3\" data-fill-mode=\"fill\"  >\n\t\t\t\t\t<img data-recalc-dims=\"1\" decoding=\"async\" src=\"https:\/\/i0.wp.com\/www.sonicduck.de\/sonicduck_wp\/wp-content\/plugins\/master-slider\/public\/assets\/css\/blank.gif?w=720&#038;ssl=1\" alt=\"\" title=\"\" data-src=\"https:\/\/www.sonicduck.de\/sonicduck_wp\/wp-content\/uploads\/2016\/05\/cases_sonicduck_1400px_CCD3.jpg\" \/>\n\n\t\t\t\t\t<div class=\"ms-info\"><div style=\"padding-left: 40px;\">Keyvisual + facebook Kampagne <a href=\"https:\/\/www.calvarychapelduesseldorf.de\/\" target=\"_blank\" rel=\"noopener\">Calvary Chapel D\u00fcsseldorf<\/a> \u2014 Ostern, 2016<\/div><\/div>\n\n\n\t<div class=\"ms-thumb\" ><div class=\"ms-tab-context\"><div class=&quot;ms-tab-context&quot;><\/div><\/div>\n<\/div>\n\t\t\t\t<\/div>\n\t\t\t\t<div  class=\"ms-slide\" data-delay=\"3\" data-fill-mode=\"fill\"  >\n\t\t\t\t\t<img data-recalc-dims=\"1\" decoding=\"async\" src=\"https:\/\/i0.wp.com\/www.sonicduck.de\/sonicduck_wp\/wp-content\/plugins\/master-slider\/public\/assets\/css\/blank.gif?w=720&#038;ssl=1\" alt=\"\" title=\"\" data-src=\"https:\/\/www.sonicduck.de\/sonicduck_wp\/wp-content\/uploads\/2014\/01\/IMG_3286Entw.jpg\" \/>\n\n\t\t\t\t\t<div class=\"ms-info\"><div style=\"padding-left: 40px;\">Buchgestaltung \u2014 Architekturb\u00fcro,\u00a0 2013<\/div><\/div>\n\n\n\t<div class=\"ms-thumb\" ><div class=\"ms-tab-context\"><div class=&quot;ms-tab-context&quot;><\/div><\/div>\n<\/div>\n\t\t\t\t<\/div>\n\t\t\t\t<div  class=\"ms-slide\" data-delay=\"3\" data-fill-mode=\"fill\"  >\n\t\t\t\t\t<img data-recalc-dims=\"1\" decoding=\"async\" src=\"https:\/\/i0.wp.com\/www.sonicduck.de\/sonicduck_wp\/wp-content\/plugins\/master-slider\/public\/assets\/css\/blank.gif?w=720&#038;ssl=1\" alt=\"\" title=\"\" data-src=\"https:\/\/www.sonicduck.de\/sonicduck_wp\/wp-content\/uploads\/2013\/10\/IMG_3460Entw.jpg\" \/>\n\n\t\t\t\t\t<div class=\"ms-info\"><div style=\"padding-left: 40px;\">Foto, Gasometer Oberhausen, 2014<\/div><\/div>\n\n\n\t<div class=\"ms-thumb\" ><div class=\"ms-tab-context\"><div class=&quot;ms-tab-context&quot;><\/div><\/div>\n<\/div>\n\t\t\t\t<\/div>\n\t\t\t\t<div  class=\"ms-slide\" data-delay=\"3\" data-fill-mode=\"fill\"  >\n\t\t\t\t\t<img data-recalc-dims=\"1\" decoding=\"async\" src=\"https:\/\/i0.wp.com\/www.sonicduck.de\/sonicduck_wp\/wp-content\/plugins\/master-slider\/public\/assets\/css\/blank.gif?w=720&#038;ssl=1\" alt=\"\" title=\"\" data-src=\"https:\/\/www.sonicduck.de\/sonicduck_wp\/wp-content\/uploads\/2015\/05\/DSC03782Entw.jpg\" \/>\n\n\t\t\t\t\t<div class=\"ms-info\"><div style=\"padding-left: 40px;\">Akquiseflyer, 2015<\/div><\/div>\n\n\n\t<div class=\"ms-thumb\" ><div class=\"ms-tab-context\"><div class=&quot;ms-tab-context&quot;><\/div><\/div>\n<\/div>\n\t\t\t\t<\/div>\n\t\t\t\t<div  class=\"ms-slide\" data-delay=\"3\" data-fill-mode=\"fill\"  >\n\t\t\t\t\t<img data-recalc-dims=\"1\" decoding=\"async\" src=\"https:\/\/i0.wp.com\/www.sonicduck.de\/sonicduck_wp\/wp-content\/plugins\/master-slider\/public\/assets\/css\/blank.gif?w=720&#038;ssl=1\" alt=\"Kampagne Stadt Oldenburg Inklusion + Teilhabe in Oldenburg zuhause. Gro\u00dffl\u00e4chenplakate Plakate Poster 18\/1 DIN A1 Plakate\" title=\"\" data-src=\"https:\/\/www.sonicduck.de\/sonicduck_wp\/wp-content\/uploads\/2021\/01\/210111_CASE_OWI_Slides_2560x1440px13.jpg\" \/>\n\n\t\t\t\t\t<div class=\"ms-info\">Design + Tool Kit f\u00fcr Inklusions-Kampagne \u2014 Inklusion + Teilhabe, Stadt Oldenburg, 2020 <a href=\"https:\/\/www.behance.net\/gallery\/110655891\/Design-tool-kit-for-social-inclusion-campaign\" target=\"_blank\" rel=\"noopener\">&gt; Case bei behance ansehen<\/a><\/div>\n\n\n\t<div class=\"ms-thumb\" ><div class=\"ms-tab-context\"><div class=&quot;ms-tab-context&quot;><\/div><\/div>\n<\/div>\n\t\t\t\t<\/div>\n\t\t\t\t<div  class=\"ms-slide\" data-delay=\"3\" data-fill-mode=\"fill\"  >\n\t\t\t\t\t<img data-recalc-dims=\"1\" decoding=\"async\" src=\"https:\/\/i0.wp.com\/www.sonicduck.de\/sonicduck_wp\/wp-content\/plugins\/master-slider\/public\/assets\/css\/blank.gif?w=720&#038;ssl=1\" alt=\"\" title=\"\" data-src=\"https:\/\/www.sonicduck.de\/sonicduck_wp\/wp-content\/uploads\/2010\/03\/jesus_center01.jpg\" \/>\n\n\t\t\t\t\t<div class=\"ms-info\"><div style=\"padding-left: 40px;\">Posterdesign, 2010<\/div><\/div>\n\n\n\t<div class=\"ms-thumb\" ><div class=\"ms-tab-context\"><div class=&quot;ms-tab-context&quot;><\/div><\/div>\n<\/div>\n\t\t\t\t<\/div>\n\t\t\t\t<div  class=\"ms-slide\" data-delay=\"3\" data-fill-mode=\"fill\"  >\n\t\t\t\t\t<img data-recalc-dims=\"1\" decoding=\"async\" src=\"https:\/\/i0.wp.com\/www.sonicduck.de\/sonicduck_wp\/wp-content\/plugins\/master-slider\/public\/assets\/css\/blank.gif?w=720&#038;ssl=1\" alt=\"Branding Designsystem RAZ\" title=\"\" data-src=\"https:\/\/www.sonicduck.de\/sonicduck_wp\/wp-content\/uploads\/2021\/02\/210215_Achtsam-bleiben_sonicduck3.jpg\" \/>\n\n\t\t\t\t\t<div class=\"ms-info\"><div style=\"padding-left: 40px;\">#wachtsambleiben\u00a0 Achtsam bleiben \u2014 Installation und Kampagne aus und f\u00fcr Oldenburg\u00a0<a href=\"https:\/\/www.sonicduck.de\/wachtsambleiben\/\" target=\"_blank\" rel=\"noopener\">&gt; direkt zum Kampagnen-Hub<\/a><\/div><\/div>\n\n\n\t<div class=\"ms-thumb\" ><div class=\"ms-tab-context\"><div class=&quot;ms-tab-context&quot;><\/div><\/div>\n<\/div>\n\t\t\t\t<\/div>\n\t\t\t\t<div  class=\"ms-slide\" data-delay=\"3\" data-fill-mode=\"fill\"  >\n\t\t\t\t\t<img data-recalc-dims=\"1\" decoding=\"async\" src=\"https:\/\/i0.wp.com\/www.sonicduck.de\/sonicduck_wp\/wp-content\/plugins\/master-slider\/public\/assets\/css\/blank.gif?w=720&#038;ssl=1\" alt=\"UX concept Apple Contacts App Redesign \u2014 list with quote\" title=\"\" data-src=\"https:\/\/www.sonicduck.de\/sonicduck_wp\/wp-content\/uploads\/2019\/11\/UI_Design_Contacts_sonicduck.de_1400px_03-scaled.jpg\" \/>\n\n\t\t\t\t\t<div class=\"ms-info\"><div style=\"padding-left: 40px;\">UI\/UX Concept \u2014 Redesign der Apple Kontakte App, 2019 <a href=\"https:\/\/www.behance.net\/gallery\/88349023\/Redesign-Contacts-App-UIUX-concept\" target=\"_blank\" rel=\"noopener\">&gt; Case bei behance ansehen<\/a><\/div><\/div>\n\n\n\t<div class=\"ms-thumb\" ><div class=\"ms-tab-context\"><div class=&quot;ms-tab-context&quot;><\/div><\/div>\n<\/div>\n\t\t\t\t<\/div>\n\t\t\t\t<div  class=\"ms-slide\" data-delay=\"3\" data-fill-mode=\"fill\"  >\n\t\t\t\t\t<img data-recalc-dims=\"1\" decoding=\"async\" src=\"https:\/\/i0.wp.com\/www.sonicduck.de\/sonicduck_wp\/wp-content\/plugins\/master-slider\/public\/assets\/css\/blank.gif?w=720&#038;ssl=1\" alt=\"\" title=\"\" data-src=\"https:\/\/www.sonicduck.de\/sonicduck_wp\/wp-content\/uploads\/2013\/01\/heimgemacht4.jpg\" \/>\n\n\t\t\t\t\t<div class=\"ms-info\"><div style=\"padding-left: 40px;\">Identity, 2012<\/div><\/div>\n\n\n\t<div class=\"ms-thumb\" ><div class=\"ms-tab-context\"><div class=&quot;ms-tab-context&quot;><\/div><\/div>\n<\/div>\n\t\t\t\t<\/div>\n\t\t\t\t<div  class=\"ms-slide\" data-delay=\"3\" data-fill-mode=\"fill\"  >\n\t\t\t\t\t<img data-recalc-dims=\"1\" decoding=\"async\" src=\"https:\/\/i0.wp.com\/www.sonicduck.de\/sonicduck_wp\/wp-content\/plugins\/master-slider\/public\/assets\/css\/blank.gif?w=720&#038;ssl=1\" alt=\"\" title=\"\" data-src=\"https:\/\/www.sonicduck.de\/sonicduck_wp\/wp-content\/uploads\/2014\/01\/IMG_3334Entw.jpg\" \/>\n\n\t\t\t\t\t<div class=\"ms-info\"><div style=\"padding-left: 40px;\">Buchgestaltung \u2014 Architekturb\u00fcro,\u00a0 2013<\/div><\/div>\n\n\n\t<div class=\"ms-thumb\" ><div class=\"ms-tab-context\"><div class=&quot;ms-tab-context&quot;><\/div><\/div>\n<\/div>\n\t\t\t\t<\/div>\n\n\t\t\t<\/div>\n\t\t\t<!-- END MasterSlider Main -->\n\n\t\t\t \n\t\t<\/div>\n\t\t<!-- END MasterSlider -->\n\n\t\t<script>\n\t\t(function ( $ ) {\n\t\t\t\"use strict\";\n\n\t\t\t$(function () {\n\t\t\t\tvar masterslider_4f65 = new MasterSlider();\n\n\t\t\t\t\/\/ slider controls\n\t\t\t\tmasterslider_4f65.control('arrows'     ,{ autohide:false, overVideo:true , hideUnder:2000 });\t\t\t\tmasterslider_4f65.control('bullets'    ,{ autohide:false, overVideo:true, dir:'h', align:'bottom' , margin:10  });\n\n\t\t\t\tmasterslider_4f65.control('scrollbar'  ,{ autohide:true, overVideo:true, dir:'h', inset:true, align:'top', color:'#404040' , margin:10  , width:4 });\n\t\t\t\tmasterslider_4f65.control('circletimer',{ autohide:false, overVideo:true, color:'#A2A2A2', radius:4, stroke:10   });\n\t\t\t\tmasterslider_4f65.control('slideinfo'  ,{ autohide:false, overVideo:true, dir:'h', align:'bottom',inset:false , margin:10   });\n\t\t\t\t\/\/ slider setup\n\t\t\t\tmasterslider_4f65.setup(\"MS6675752e94f65\", {\n\t\t\t\t\t\twidth           : 1400,\n\t\t\t\t\t\theight          : 1024,\n\t\t\t\t\t\tminHeight       : 0,\n\t\t\t\t\t\tspace           : 0,\n\t\t\t\t\t\tstart           : 1,\n\t\t\t\t\t\tgrabCursor      : true,\n\t\t\t\t\t\tswipe           : true,\n\t\t\t\t\t\tmouse           : true,\n\t\t\t\t\t\tlayout          : \"fullwidth\",\n\t\t\t\t\t\twheel           : false,\n\t\t\t\t\t\tautoplay        : true,\n\t\t\t\t\t\tinstantStartLayers:false,\n\t\t\t\t\t\tloop            : true,\n\t\t\t\t\t\tshuffle         : false,\n\t\t\t\t\t\tpreload         : 0,\n\t\t\t\t\t\theightLimit     : true,\n\t\t\t\t\t\tautoHeight      : true,\n\t\t\t\t\t\tsmoothHeight    : true,\n\t\t\t\t\t\tendPause        : false,\n\t\t\t\t\t\toverPause       : false,\n\t\t\t\t\t\tfillMode        : \"fill\",\n\t\t\t\t\t\tcenterControls  : false,\n\t\t\t\t\t\tstartOnAppear   : true,\n\t\t\t\t\t\tlayersMode      : \"center\",\n\t\t\t\t\t\thideLayers      : false,\n\t\t\t\t\t\tfullscreenMargin: 0,\n\t\t\t\t\t\tspeed           : 20,\n\t\t\t\t\t\tdir             : \"h\",\n\t\t\t\t\t\tparallaxMode    : 'swipe',\n\t\t\t\t\t\tview            : \"basic\"\n\t\t\t\t});\n\n\t\t\t\t\n\t\t\t\twindow.masterslider_instances = window.masterslider_instances || [];\n\t\t\t\twindow.masterslider_instances.push( masterslider_4f65 );\n\t\t\t });\n\n\t\t})(jQuery);\n\t\t<\/script>\n\n\n\n\n<p>masterslider id=&#8220;1&#8243;<\/p>\n\n\n\n<div style=\"height:50px\" aria-hidden=\"true\" class=\"wp-block-spacer\"><\/div>\n\n\n\n<hr class=\"wp-block-separator has-css-opacity\"\/>\n\n\n\n<h2 class=\"wp-block-heading\" id=\"marken-erfahrung-und-erfolgreiche-projekte-fur-kunden-wie-aeg-avacon-cws-e-on-ergo-kfw-lanxess-miele-stadt-oldenburg-stiebel-eltron-deutsche-telekom-versch-vhs\"><strong>Marken-Erfahrung und erfolgreiche Projekte f\u00fcr Kunden wie:<\/strong><br \/>AEG, Avacon, CWS, E.ON, ERGO, KfW, Lanxess, Miele, Stadt Oldenburg, Stiebel Eltron, Deutsche Telekom, versch. VHS \u2026<\/h2>\n\n\n\n<hr class=\"wp-block-separator has-css-opacity\"\/>\n\n\n\n<h2 class=\"wp-block-heading\" id=\"ubersicht-meiner-leistungen-konzeption-beratung-design-art-direktion-fur-medien-aller-art-branding-markenentwicklung-naming-design-styleguides-begleitung-der-implementierung-brand-management-asset-management-aufbau-und-implementierung-von-frontify-markenportalen-qualitatssicherung-design-ux-valuable-feedback-onboarding-sessions-workshop-projektmanagement-teamleitung\"><strong>\u00dcbersicht meiner Leistungen:<\/strong><br \/>Konzeption + Beratung  \/ \/ \/  Design + Art Direktion f\u00fcr Medien aller Art<meta charset=\"utf-8\"\/>  \/ \/ \/  Branding, Markenentwicklung (Naming, Design, Styleguides, Begleitung der Implementierung)<meta charset=\"utf-8\"\/>  \/ \/ \/  Brand Management<meta charset=\"utf-8\"\/>  \/ \/ \/  Asset Management<meta charset=\"utf-8\"\/>  \/ \/ \/  Aufbau und Implementierung von <a href=\"https:\/\/www.frontify.com\/\" target=\"_blank\" rel=\"noreferrer noopener\">Frontify<\/a> Markenportalen<meta charset=\"utf-8\"\/>  \/ \/ \/  Qualit\u00e4tssicherung + Design\/UX, valuable Feedback<meta charset=\"utf-8\"\/>  \/ \/ \/  Onboarding Sessions, Workshop<meta charset=\"utf-8\"\/>  \/ \/ \/  Projektmanagement<meta charset=\"utf-8\"\/>  \/ \/ \/  Teamleitung&nbsp;<\/h2>\n\n\n\n<h2 class=\"wp-block-heading\"><br \/><\/h2>\n\n\n\n<p><\/p>\n","protected":false},"excerpt":{"rendered":"<p>Moin, ich bin Robert \u2014 Kreativer, Markenmacher, Feedbackgeber, Netzwerker,&nbsp;Kaffeeliebhaber, Familienvater, Egal-Welches-Wetter-Radfahrer.Nach 7,5 Jahren in D\u00fcsseldorf, zur\u00fcck in der sch\u00f6nsten Stadt Norddeutschlands \u2014 Oldenburg.Nachhaltigkeit, fair fashion,&nbsp;Ressourcen schonen, Energie und E-Mobility \u2013 einige Themen mit denen ich (&hellip;) <a href=\"https:\/\/www.sonicduck.de\/sonicduck_wp\/\">Weiterlesen<\/a><\/p>\n","protected":false},"author":1,"featured_media":0,"parent":0,"menu_order":0,"comment_status":"closed","ping_status":"closed","template":"page-templates\/page-fullwidth.php","meta":{"jetpack_post_was_ever_published":false,"footnotes":""},"aioseo_notices":[],"jetpack_shortlink":"https:\/\/wp.me\/P401c1-12n","jetpack_sharing_enabled":true,"_links":{"self":[{"href":"https:\/\/www.sonicduck.de\/sonicduck_wp\/wp-json\/wp\/v2\/pages\/3991"}],"collection":[{"href":"https:\/\/www.sonicduck.de\/sonicduck_wp\/wp-json\/wp\/v2\/pages"}],"about":[{"href":"https:\/\/www.sonicduck.de\/sonicduck_wp\/wp-json\/wp\/v2\/types\/page"}],"author":[{"embeddable":true,"href":"https:\/\/www.sonicduck.de\/sonicduck_wp\/wp-json\/wp\/v2\/users\/1"}],"replies":[{"embeddable":true,"href":"https:\/\/www.sonicduck.de\/sonicduck_wp\/wp-json\/wp\/v2\/comments?post=3991"}],"version-history":[{"count":119,"href":"https:\/\/www.sonicduck.de\/sonicduck_wp\/wp-json\/wp\/v2\/pages\/3991\/revisions"}],"predecessor-version":[{"id":4746,"href":"https:\/\/www.sonicduck.de\/sonicduck_wp\/wp-json\/wp\/v2\/pages\/3991\/revisions\/4746"}],"wp:attachment":[{"href":"https:\/\/www.sonicduck.de\/sonicduck_wp\/wp-json\/wp\/v2\/media?parent=3991"}],"curies":[{"name":"wp","href":"https:\/\/api.w.org\/{rel}","templated":true}]}}